{"id":578,"date":"2023-04-03T12:31:29","date_gmt":"2023-04-03T19:31:29","guid":{"rendered":"https:\/\/www.aspenglobalinnovators.org\/?post_type=our_fellows&#038;p=578"},"modified":"2025-07-14T10:44:11","modified_gmt":"2025-07-14T17:44:11","slug":"jensi-sartin","status":"publish","type":"our_fellows","link":"https:\/\/www.aspenglobalinnovators.org\/fr\/our_fellows\/jensi-sartin\/","title":{"rendered":"Jensi Sartin"},"content":{"rendered":"<p data-start=\"107\" data-end=\"661\">Jensi Sartin est un professionnel du d\u00e9veloppement avec plus de 15 ans d'exp\u00e9rience internationale dans la gestion de la biodiversit\u00e9 et des \u00e9cosyst\u00e8mes, la gestion des ressources naturelles et le d\u00e9veloppement durable. Il apporte son expertise dans la conduite de projets financ\u00e9s par des donateurs, dans la conception de solutions positives pour le climat et dans la promotion d'investissements fond\u00e9s sur la nature. Sartin a fait ses preuves en mati\u00e8re de leadership strat\u00e9gique, de r\u00e9forme politique et de collaboration intersectorielle, en particulier dans les domaines de la conservation marine, de la p\u00eache durable, de la gouvernance, de la transparence et de la restauration des \u00e9cosyst\u00e8mes.<\/p>\n<p data-start=\"663\" data-end=\"955\">Il est tr\u00e8s comp\u00e9tent dans la gestion d'\u00e9quipes pluridisciplinaires, l'\u00e9tablissement de partenariats strat\u00e9giques et l'exploitation de la gestion des connaissances pour mener des initiatives environnementales percutantes. Sa solide exp\u00e9rience en mati\u00e8re de r\u00e9silience climatique et d'investissements positifs pour la nature sous-tend son travail dans diverses r\u00e9gions.<\/p>\n<p data-start=\"957\" data-end=\"1427\">M. Sartin reconna\u00eet que son \u00e9ducation dans les for\u00eats tropicales de Born\u00e9o, o\u00f9 la d\u00e9forestation \u00e9tait d\u00e9j\u00e0 en cours, a \u00e9t\u00e9 d\u00e9terminante pour son parcours professionnel en tant que d\u00e9fenseur des oc\u00e9ans de la plan\u00e8te. \"Toutes ces choses sont li\u00e9es\", note-t-il, faisant r\u00e9f\u00e9rence \u00e0 l'interconnexion des d\u00e9fis de la conservation terrestre et marine. Son organisation, Reef Check Indonesia, documente la sant\u00e9 des nombreux r\u00e9cifs coralliens d'Indon\u00e9sie et \u00e9labore des strat\u00e9gies communautaires pour les prot\u00e9ger.<\/p>\n<p data-start=\"1429\" data-end=\"1862\" data-is-last-node=\"\" data-is-only-node=\"\">Selon M. Sartin, \"les zones prot\u00e9g\u00e9es ne concernent pas la gestion des ressources, mais la gestion des personnes\". Il estime que la conservation communautaire est essentielle au d\u00e9veloppement durable, en particulier dans les r\u00e9gions o\u00f9 l'environnement est menac\u00e9. En tant que directeur de Reef Check Indonesia, Sartin dirige un r\u00e9seau national de b\u00e9n\u00e9voles pour la surveillance des r\u00e9cifs coralliens et facilite la gestion collaborative entre les communaut\u00e9s locales et les agences gouvernementales.<\/p>","protected":false},"featured_media":0,"template":"","focus_area":[91],"expertise":[137],"class_list":["post-578","our_fellows","type-our_fellows","status-publish","hentry","focus_area-environment","expertise-climate-change"],"acf":[],"_links":{"self":[{"href":"https:\/\/www.aspenglobalinnovators.org\/fr\/wp-json\/wp\/v2\/our_fellows\/578","targetHints":{"allow":["GET"]}}],"collection":[{"href":"https:\/\/www.aspenglobalinnovators.org\/fr\/wp-json\/wp\/v2\/our_fellows"}],"about":[{"href":"https:\/\/www.aspenglobalinnovators.org\/fr\/wp-json\/wp\/v2\/types\/our_fellows"}],"wp:attachment":[{"href":"https:\/\/www.aspenglobalinnovators.org\/fr\/wp-json\/wp\/v2\/media?parent=578"}],"wp:term":[{"taxonomy":"focus_area","embeddable":true,"href":"https:\/\/www.aspenglobalinnovators.org\/fr\/wp-json\/wp\/v2\/focus_area?post=578"},{"taxonomy":"expertise","embeddable":true,"href":"https:\/\/www.aspenglobalinnovators.org\/fr\/wp-json\/wp\/v2\/expertise?post=578"}],"curies":[{"name":"wp","href":"https:\/\/api.w.org\/{rel}","templated":true}]}}