{"id":709,"date":"2023-04-05T09:35:55","date_gmt":"2023-04-05T16:35:55","guid":{"rendered":"https:\/\/www.aspenglobalinnovators.org\/?post_type=our_fellows&#038;p=709"},"modified":"2025-07-15T14:58:19","modified_gmt":"2025-07-15T21:58:19","slug":"ahmed-kura-omar","status":"publish","type":"our_fellows","link":"https:\/\/www.aspenglobalinnovators.org\/fr\/our_fellows\/ahmed-kura-omar\/","title":{"rendered":"Ahmed \"Kura\" Omar"},"content":{"rendered":"<p><span data-sheets-root=\"1\">Ahmed \"Kura\" Omar a 10 ans d'exp\u00e9rience au sein d'ONG nationales et internationales. Son exp\u00e9rience va de la mise en \u0153uvre directe de projets sur le terrain \u00e0 la coordination d'activit\u00e9s de programme avec des \u00e9quipes de responsables de projet et d'experts techniques dans diff\u00e9rents comt\u00e9s du nord du Kenya. Il poss\u00e8de une connaissance approfondie des programmes relatifs au d\u00e9veloppement socio-\u00e9conomique, \u00e0 la r\u00e9duction de la vuln\u00e9rabilit\u00e9 et au renforcement de la r\u00e9silience aux chocs, au changement climatique, etc.<\/p>\n<p>Il a fait preuve d'une combinaison de connaissances techniques et d'exp\u00e9rience pratique dans les activit\u00e9s de projets de subsistance, de r\u00e9duction de la pauvret\u00e9 et d'\u00e9pargne et de cr\u00e9dit dans les villages. Il est tr\u00e8s comp\u00e9tent pour assurer la liaison avec les parties prenantes, les donateurs, les membres de la communaut\u00e9 et les organisations gouvernementales afin de garantir la r\u00e9ussite du programme.<\/p>\n<p>Ahmed a cr\u00e9\u00e9 plus de 3 000 entreprises, form\u00e9 plus de 9 000 nouveaux propri\u00e9taires de petites entreprises et aid\u00e9 plus de 45 000 femmes et enfants \u00e0 sortir de l'extr\u00eame pauvret\u00e9. Il est cofondateur de BOMA et en a \u00e9t\u00e9 le premier employ\u00e9. \u00c0 ce jour, BOMA s'est consid\u00e9rablement d\u00e9velopp\u00e9e, tant sur le plan des ressources humaines que sur le plan g\u00e9ographique.<\/span><\/p>","protected":false},"featured_media":0,"template":"","focus_area":[89],"expertise":[137,159],"class_list":["post-709","our_fellows","type-our_fellows","status-publish","hentry","focus_area-economic-empowerment","expertise-climate-change","expertise-non-profit-leadership"],"acf":[],"_links":{"self":[{"href":"https:\/\/www.aspenglobalinnovators.org\/fr\/wp-json\/wp\/v2\/our_fellows\/709","targetHints":{"allow":["GET"]}}],"collection":[{"href":"https:\/\/www.aspenglobalinnovators.org\/fr\/wp-json\/wp\/v2\/our_fellows"}],"about":[{"href":"https:\/\/www.aspenglobalinnovators.org\/fr\/wp-json\/wp\/v2\/types\/our_fellows"}],"wp:attachment":[{"href":"https:\/\/www.aspenglobalinnovators.org\/fr\/wp-json\/wp\/v2\/media?parent=709"}],"wp:term":[{"taxonomy":"focus_area","embeddable":true,"href":"https:\/\/www.aspenglobalinnovators.org\/fr\/wp-json\/wp\/v2\/focus_area?post=709"},{"taxonomy":"expertise","embeddable":true,"href":"https:\/\/www.aspenglobalinnovators.org\/fr\/wp-json\/wp\/v2\/expertise?post=709"}],"curies":[{"name":"wp","href":"https:\/\/api.w.org\/{rel}","templated":true}]}}